{"id":27445,"date":"2026-04-28T13:58:41","date_gmt":"2026-04-28T11:58:41","guid":{"rendered":"https:\/\/detgroennemuseum.dk\/?page_id=27445"},"modified":"2026-04-28T13:58:41","modified_gmt":"2026-04-28T11:58:41","slug":"lebensmittelschulen-im-haus-der-lebensmittel","status":"publish","type":"page","link":"https:\/\/detgroennemuseum.dk\/de\/madskoler-i-madens-hus\/","title":{"rendered":"Lebensmittelschulen in Madens Hus"},"content":{"rendered":"<div class=\"wpb-content-wrapper\"><div class=\"vc_row wpb_row vc_row-fluid vc_custom_1776164293092 vc_row-has-fill vc_row-o-content-top vc_row-flex\"><div class=\"wpb_column vc_column_container vc_col-sm-6\"><div class=\"vc_column-inner\"><div class=\"wpb_wrapper\"><div id=\"ultimate-heading-583069f15323984a4\" class=\"uvc-heading ult-adjust-bottom-margin ultimate-heading-583069f15323984a4 uvc-2571 whiteTxt uvc-heading-default-font-sizes\" data-hspacer=\"no_spacer\"  data-halign=\"left\" style=\"text-align:left\"><div class=\"uvc-heading-spacer no_spacer\" style=\"top\"><\/div><div class=\"uvc-main-heading ult-responsive\"  data-ultimate-target='.uvc-heading.ultimate-heading-583069f15323984a4 h1'  data-responsive-json-new='{\"font-size\":\"\",\"line-height\":\"\"}' ><h1 style=\"--font-weight:theme;color:#FFFFFF;\">Lebensmittelschulen in Madens Hus<\/h1><\/div><div class=\"uvc-sub-heading ult-responsive\"  data-ultimate-target='.uvc-heading.ultimate-heading-583069f15323984a4 .uvc-sub-heading '  data-responsive-json-new='{\"font-size\":\"\",\"line-height\":\"\"}'  style=\"font-weight:normal;color:#FFFFFF;\"><\/p>\n<h3><span style=\"color: #ffffff;\">Eine sinnliche Reise durch die d\u00e4nische Esskultur \u2013 f\u00fcr Unternehmen und Gruppen<\/span><\/h3>\n<p><\/div><\/div>\n\t<div class=\"wpb_text_column wpb_content_element  whiteTxt\" >\n\t\t<div class=\"wpb_wrapper\">\n\t\t\t<p>&nbsp;<\/p>\n<p><span style=\"color: #ffffff;\">Stellen Sie sich vor, Sie stehen gemeinsam in einer historischen K\u00fcche. Der Duft von frischer Butter, Kr\u00e4utern und einem k\u00f6chelnden Topf liegt in der Luft, und Gespr\u00e4che entstehen wie von selbst. Hier ticken die Uhren anders, die Atmosph\u00e4re ist besonders \u2013 und diese Erfahrung begleitet Sie auf Ihrer Reise.<\/span><\/p>\n\n\t\t<\/div>\n\t<\/div>\n<\/div><\/div><\/div><div class=\"wpb_column vc_column_container vc_col-sm-6\"><div class=\"vc_column-inner\"><div class=\"wpb_wrapper\"><\/div><\/div><\/div><\/div><!-- Row Backgrounds --><div class=\"upb_bg_img\" data-ultimate-bg=\"url(https:\/\/detgroennemuseum.dk\/wp-content\/uploads\/2021\/08\/Kokkeelever_madenshus-10-scaled.jpg)\" data-image-id=\"id^16468|url^https:\/\/detgroennemuseum.dk\/wp-content\/uploads\/2021\/08\/Kokkeelever_madenshus-10-scaled.jpg|caption^L\u00e6r af historien og bliv klogere p\u00e5, hvordan du kan leve b\u00e6redygtigt og klimabevidst med historiske vegetarmadlavning|alt^historiske vegetarmadlavning|title^Kokkeelever_madenshus-10|description^L\u00e6r af historien og bliv klogere p\u00e5, hvordan du kan leve b\u00e6redygtigt og klimabevidst med historiske vegetarmadlavning\" data-ultimate-bg-style=\"vcpb-vz-jquery\" data-bg-img-repeat=\"no-repeat\" data-bg-img-size=\"cover\" data-bg-img-position=\"\" data-parallx_sense=\"30\" data-bg-override=\"full\" data-bg_img_attach=\"scroll\" data-upb-overlay-color=\"\" data-upb-bg-animation=\"\" data-fadeout=\"\" data-bg-animation=\"left-animation\" data-bg-animation-type=\"h\" data-animation-repeat=\"repeat\" data-fadeout-percentage=\"30\" data-parallax-content=\"parallax_content_value\" data-parallax-content-sense=\"50\" data-row-effect-mobile-disable=\"true\" data-img-parallax-mobile-disable=\"true\" data-rtl=\"false\"  data-custom-vc-row=\"\"  data-vc=\"8.7.2\"  data-is_old_vc=\"\"  data-theme-support=\"\"   data-overlay=\"false\" data-overlay-color=\"\" data-overlay-pattern=\"\" data-overlay-pattern-opacity=\"\" data-overlay-pattern-size=\"\"    ><\/div><div class=\"vc_row wpb_row vc_row-fluid vc_custom_1776149276736\"><div class=\"wpb_column vc_column_container vc_col-sm-6\"><div class=\"vc_column-inner\"><div class=\"wpb_wrapper\">\n\t<div class=\"wpb_text_column wpb_content_element\" >\n\t\t<div class=\"wpb_wrapper\">\n\t\t\t<p>Im \u201eHaus des Essens\u201c des Green Museums laden wir Unternehmen, Organisationen und Gruppen zu unseren Kochkursen ein, in denen Gemeinschaft, Wissen und Genuss Hand in Hand gehen. Die Kochkurse werden von der Lebensmittelhistorikerin des Museums geleitet. <strong>Bettina Buhl<\/strong> in Zusammenarbeit mit dem K\u00fcchenchef <strong>Kim Thygesen<\/strong> aus dem Restaurant <em>Der alte Stall<\/em>. Gemeinsam verbinden sie historisches Wissen, Handwerk und Geschichten in einem Prozess, bei dem die Teilnehmer das Essen selbst zubereiten.<\/p>\n<p>Neben dem gemeinsamen Erlebnis nehmen die Teilnehmer konkretes Wissen und praktische Fertigkeiten mit nach Hause. Techniken, Rezepte und das Verst\u00e4ndnis f\u00fcr Zutaten lassen sich direkt im Alltag anwenden \u2013 und dienen gleichzeitig als Inspiration, um beim Decken des Tisches f\u00fcr G\u00e4ste und bei festlichen Anl\u00e4ssen zu beeindrucken.<\/p>\n<p>Die Kochschulen unterscheiden sich von traditionellen gemeinsamen Essensaktivit\u00e4ten dadurch, dass sie die Vermittlung von Essensgeschichte zum Ausgangspunkt nehmen, aber auch Raum f\u00fcr Ruhe, Achtsamkeit und Gespr\u00e4che bieten. Hier arbeitet man gemeinsam an etwas Sinnvollem, w\u00e4hrend die H\u00e4nde besch\u00e4ftigt sind, und es gibt Raum f\u00fcr Achtsamkeit und Gemeinschaft, w\u00e4hrend das Essen Gestalt annimmt. Die historischen K\u00fcchen fungieren als d\u00e4nische Gespr\u00e4chsk\u00fcchen, in denen man zusammen kocht \u2013 und in denen Gemeinschaft ganz nat\u00fcrlich entsteht.<\/p>\n<p>Die Kochkurse eignen sich als Mitarbeiterevent, Teambuilding-Ma\u00dfnahme, Networking-Aktivit\u00e4t oder als besonderes Erlebnis f\u00fcr Gesch\u00e4ftspartner. Es ist ein Format, das Menschen zusammenbringt und Einblicke, Pr\u00e4senz und konkrete Gespr\u00e4chsthemen im Anschluss bietet.<\/p>\n\n\t\t<\/div>\n\t<\/div>\n<\/div><\/div><\/div><div class=\"wpb_column vc_column_container vc_col-sm-6\"><div class=\"vc_column-inner\"><div class=\"wpb_wrapper\">\n\t<div  class=\"wpb_single_image wpb_content_element vc_align_left\">\n\t\t\n\t\t<figure class=\"wpb_wrapper vc_figure\">\n\t\t\t<div class=\"vc_single_image-wrapper   vc_box_border_grey\"><img decoding=\"async\" width=\"600\" height=\"400\" data-src=\"https:\/\/detgroennemuseum.dk\/wp-content\/smush-webp\/2021\/08\/usman-yousaf-yizdlpAds9c-unsplash-600x400.jpg.webp\" class=\"vc_single_image-img attachment-medium lazyload\" alt=\"Lernen Sie in der Kochschule, wie man schmort.\" title=\"Lernen Sie in der Kochschule, wie man schmort.\" data-srcset=\"https:\/\/detgroennemuseum.dk\/wp-content\/smush-webp\/2021\/08\/usman-yousaf-yizdlpAds9c-unsplash-600x400.jpg.webp 600w, https:\/\/detgroennemuseum.dk\/wp-content\/smush-webp\/2021\/08\/usman-yousaf-yizdlpAds9c-unsplash-1024x683.jpg.webp 1024w, https:\/\/detgroennemuseum.dk\/wp-content\/smush-webp\/2021\/08\/usman-yousaf-yizdlpAds9c-unsplash-768x512.jpg.webp 768w, https:\/\/detgroennemuseum.dk\/wp-content\/smush-webp\/2021\/08\/usman-yousaf-yizdlpAds9c-unsplash-1536x1024.jpg.webp 1536w, https:\/\/detgroennemuseum.dk\/wp-content\/smush-webp\/2021\/08\/usman-yousaf-yizdlpAds9c-unsplash-2048x1365.jpg.webp 2048w\" data-sizes=\"(max-width: 600px) 100vw, 600px\"  data-dt-location=\"https:\/\/detgroennemuseum.dk\/de\/usman-yousaf-yizdlpads9c-unsplash\/\" src=\"data:image\/svg+xml;base64,PHN2ZyB3aWR0aD0iMSIgaGVpZ2h0PSIxIiB4bWxucz0iaHR0cDovL3d3dy53My5vcmcvMjAwMC9zdmciPjwvc3ZnPg==\" style=\"--smush-placeholder-width: 600px; --smush-placeholder-aspect-ratio: 600\/400;\" \/><\/div>\n\t\t<\/figure>\n\t<\/div>\n<\/div><\/div><\/div><\/div><div class=\"vc_row wpb_row vc_row-fluid vc_custom_1776149545414\"><div class=\"wpb_column vc_column_container vc_col-sm-12\"><div class=\"vc_column-inner\"><div class=\"wpb_wrapper\"><div class=\"vc_separator wpb_content_element vc_separator_align_center vc_sep_width_100 vc_sep_pos_align_center vc_separator_no_text vc_sep_color_grey wpb_content_element  wpb_content_element\" ><span class=\"vc_sep_holder vc_sep_holder_l\"><span class=\"vc_sep_line\"><\/span><\/span><span class=\"vc_sep_holder vc_sep_holder_r\"><span class=\"vc_sep_line\"><\/span><\/span>\n<\/div><\/div><\/div><\/div><\/div><div class=\"vc_row wpb_row vc_row-fluid\"><div class=\"wpb_column vc_column_container vc_col-sm-6\"><div class=\"vc_column-inner\"><div class=\"wpb_wrapper\">\n\t<div class=\"wpb_text_column wpb_content_element\" >\n\t\t<div class=\"wpb_wrapper\">\n\t\t\t<h2>Ern\u00e4hrungsschule 1<\/h2>\n<h3>D\u00e4nische K\u00fcche \u2013 Tradition, Handwerkskunst und Geschmack<\/h3>\n<p>Diese Kochschule bietet eine umfassende und genussvolle Einf\u00fchrung in die klassische d\u00e4nische K\u00fcche \u2013 die viele aus ihrer Kindheit kennen, aber vielleicht nicht mehr t\u00e4glich zubereiten.<\/p>\n<p>Sie erlernen grundlegende K\u00fcchentechniken wie Braten, Kochen, Hacken, Kartoffelzubereitung und \u2013 nicht zuletzt \u2013 die d\u00e4nische Saucenk\u00fcche. Sie bereiten Suppen mit hausgemachten Suppenkn\u00f6deln, klassische Hackfleischgerichte, Kartoffelgerichte in verschiedenen Variationen und Desserts nach alten d\u00e4nischen Kochb\u00fcchern zu.<\/p>\n<p>Bettina Buhl spricht dabei \u00fcber Hauswirtschaft, den Umgang mit Rohstoffen und eine Zeit, in der nichts verschwendet wurde und Geschmack, S\u00e4ttigung und Achtsamkeit Hand in Hand gingen. Ger\u00fcche und Geschm\u00e4cker wecken Erinnerungen, und viele Teilnehmer erleben, dass Essen Gespr\u00e4che \u00fcber Familie, Kindheit und Ver\u00e4nderungen im Alltag anregt.<\/p>\n<p>Der Kochkurs findet in entspanntem Tempo statt, jeder kann mitmachen \u2013 unabh\u00e4ngig von seinen Vorkenntnissen \u2013 und endet mit einem gemeinsamen Essen.<\/p>\n<p><strong>Dauer:<\/strong> 3 Stunden inklusive Essen<br \/>\n<strong>Preis:<\/strong><br \/>\n\u2022 1\u201315 Personen: DKK 6.500.<br \/>\n\u2022 15\u201340 Personen: 9.000 DKK.<\/p>\n<ul>\n<li>Rohstoffe: 250 DKK pro Person<\/li>\n<\/ul>\n\n\t\t<\/div>\n\t<\/div>\n<\/div><\/div><\/div><div class=\"wpb_column vc_column_container vc_col-sm-6\"><div class=\"vc_column-inner\"><div class=\"wpb_wrapper\">\n\t<div  class=\"wpb_single_image wpb_content_element vc_align_left\">\n\t\t\n\t\t<figure class=\"wpb_wrapper vc_figure\">\n\t\t\t<div class=\"vc_single_image-wrapper   vc_box_border_grey\"><img decoding=\"async\" width=\"600\" height=\"400\" data-src=\"https:\/\/detgroennemuseum.dk\/wp-content\/smush-webp\/2019\/09\/70er-koekken-dame-pige-600x400.jpg.webp\" class=\"vc_single_image-img attachment-medium lazyload\" alt=\"\" title=\"K\u00fcchenfee aus den 70ern\" data-srcset=\"https:\/\/detgroennemuseum.dk\/wp-content\/smush-webp\/2019\/09\/70er-koekken-dame-pige-600x400.jpg.webp 600w, https:\/\/detgroennemuseum.dk\/wp-content\/smush-webp\/2019\/09\/70er-koekken-dame-pige-768x512.jpg.webp 768w, https:\/\/detgroennemuseum.dk\/wp-content\/uploads\/2019\/09\/70er-koekken-dame-pige-1024x683.jpg 1024w, https:\/\/detgroennemuseum.dk\/wp-content\/smush-webp\/2019\/09\/70er-koekken-dame-pige-668x445.jpg.webp 668w, https:\/\/detgroennemuseum.dk\/wp-content\/uploads\/2019\/09\/70er-koekken-dame-pige-1336x890.jpg 1336w, https:\/\/detgroennemuseum.dk\/wp-content\/uploads\/2019\/09\/70er-koekken-dame-pige.jpg 1920w\" data-sizes=\"(max-width: 600px) 100vw, 600px\"  data-dt-location=\"https:\/\/detgroennemuseum.dk\/de\/70er-koekken-dame-pige\/\" src=\"data:image\/svg+xml;base64,PHN2ZyB3aWR0aD0iMSIgaGVpZ2h0PSIxIiB4bWxucz0iaHR0cDovL3d3dy53My5vcmcvMjAwMC9zdmciPjwvc3ZnPg==\" style=\"--smush-placeholder-width: 600px; --smush-placeholder-aspect-ratio: 600\/400;\" \/><\/div>\n\t\t<\/figure>\n\t<\/div>\n<\/div><\/div><\/div><\/div><div class=\"vc_row wpb_row vc_row-fluid\"><div class=\"wpb_column vc_column_container vc_col-sm-12\"><div class=\"vc_column-inner\"><div class=\"wpb_wrapper\"><div class=\"vc_separator wpb_content_element vc_separator_align_center vc_sep_width_100 vc_sep_pos_align_center vc_separator_no_text vc_sep_color_grey vc_custom_1776149510875 wpb_content_element  vc_custom_1776149510875 wpb_content_element\" ><span class=\"vc_sep_holder vc_sep_holder_l\"><span class=\"vc_sep_line\"><\/span><\/span><span class=\"vc_sep_holder vc_sep_holder_r\"><span class=\"vc_sep_line\"><\/span><\/span>\n<\/div><\/div><\/div><\/div><\/div><div class=\"vc_row wpb_row vc_row-fluid\"><div class=\"wpb_column vc_column_container vc_col-sm-6\"><div class=\"vc_column-inner\"><div class=\"wpb_wrapper\">\n\t<div class=\"wpb_text_column wpb_content_element\" >\n\t\t<div class=\"wpb_wrapper\">\n\t\t\t<h2>Lebensmittelschule 2<\/h2>\n<h3>Die d\u00e4nische Speisekammer \u2013 Jahreszeit f\u00fcr Jahreszeit<\/h3>\n<p>Diese Kochschule orientiert sich an den Jahreszeiten, dem Gem\u00fcse und den d\u00e4nischen Vorr\u00e4ten, so wie sie traditionell das ganze Jahr \u00fcber genutzt werden.<\/p>\n<p>Im Museumsgarten erntet man sein eigenes Gem\u00fcse, Obst und Kr\u00e4uter und verwendet sie f\u00fcr historische Gerichte, deren Rezepte aus alten d\u00e4nischen Kochb\u00fcchern stammen. Das Gem\u00fcse spielt die Hauptrolle, aber Fleisch und Fisch werden traditionell als Beilage verwendet, nicht als Hauptbestandteil.<\/p>\n<p>Bettina Buhl erz\u00e4hlt von einer Zeit, in der Nachhaltigkeit keine Option, sondern eine Notwendigkeit war und die Jahreszeiten sowohl den Speiseplan als auch den Haushalt bestimmten. Man arbeitet praktisch mit den Rohstoffen und sammelt Erfahrungen \u2013 einen direkten Kontakt zum lebendigen Kulturerbe.<\/p>\n<p>Die Food School bietet Inspiration f\u00fcr ein saisonaleres und bewussteres Verh\u00e4ltnis zu Lebensmitteln \u2013 sowohl historisch als auch zeitgen\u00f6ssisch.<\/p>\n<p><strong>Dauer:<\/strong> 3 Stunden inklusive Essen<br \/>\n<strong>Preis:<\/strong><br \/>\n\u2022 1\u201315 Personen: DKK 6.500.<br \/>\n\u2022 15\u201340 Personen: 9.000 DKK.<\/p>\n<ul>\n<li>Rohstoffe: 250 DKK pro Person<\/li>\n<\/ul>\n\n\t\t<\/div>\n\t<\/div>\n<\/div><\/div><\/div><div class=\"wpb_column vc_column_container vc_col-sm-6\"><div class=\"vc_column-inner\"><div class=\"wpb_wrapper\">\n\t<div  class=\"wpb_single_image wpb_content_element vc_align_left\">\n\t\t\n\t\t<figure class=\"wpb_wrapper vc_figure\">\n\t\t\t<div class=\"vc_single_image-wrapper   vc_box_border_grey\"><img decoding=\"async\" width=\"600\" height=\"400\" data-src=\"https:\/\/detgroennemuseum.dk\/wp-content\/smush-webp\/2021\/08\/Temafrokoster-1-600x400.jpg.webp\" class=\"vc_single_image-img attachment-medium lazyload\" alt=\"Erleben Sie die historischen Themen-Mittagessen, bei denen wir mit Gartenspazierg\u00e4ngen und Mittagessen die Geschichte des Essens bereichern\" title=\"Themenmittagessen 1\" data-srcset=\"https:\/\/detgroennemuseum.dk\/wp-content\/smush-webp\/2021\/08\/Temafrokoster-1-600x400.jpg.webp 600w, https:\/\/detgroennemuseum.dk\/wp-content\/smush-webp\/2021\/08\/Temafrokoster-1-1024x683.jpg.webp 1024w, https:\/\/detgroennemuseum.dk\/wp-content\/smush-webp\/2021\/08\/Temafrokoster-1-768x512.jpg.webp 768w, https:\/\/detgroennemuseum.dk\/wp-content\/smush-webp\/2021\/08\/Temafrokoster-1-1536x1024.jpg.webp 1536w, https:\/\/detgroennemuseum.dk\/wp-content\/smush-webp\/2021\/08\/Temafrokoster-1-2048x1365.jpg.webp 2048w\" data-sizes=\"(max-width: 600px) 100vw, 600px\"  data-dt-location=\"https:\/\/detgroennemuseum.dk\/de\/?attachment_id=16796\" src=\"data:image\/svg+xml;base64,PHN2ZyB3aWR0aD0iMSIgaGVpZ2h0PSIxIiB4bWxucz0iaHR0cDovL3d3dy53My5vcmcvMjAwMC9zdmciPjwvc3ZnPg==\" style=\"--smush-placeholder-width: 600px; --smush-placeholder-aspect-ratio: 600\/400;\" \/><\/div>\n\t\t<\/figure>\n\t<\/div>\n<\/div><\/div><\/div><\/div><div class=\"vc_row wpb_row vc_row-fluid\"><div class=\"wpb_column vc_column_container vc_col-sm-12\"><div class=\"vc_column-inner\"><div class=\"wpb_wrapper\"><div class=\"vc_separator wpb_content_element vc_separator_align_center vc_sep_width_100 vc_sep_pos_align_center vc_separator_no_text vc_sep_color_grey vc_custom_1776149510875 wpb_content_element  vc_custom_1776149510875 wpb_content_element\" ><span class=\"vc_sep_holder vc_sep_holder_l\"><span class=\"vc_sep_line\"><\/span><\/span><span class=\"vc_sep_holder vc_sep_holder_r\"><span class=\"vc_sep_line\"><\/span><\/span>\n<\/div><\/div><\/div><\/div><\/div><div class=\"vc_row wpb_row vc_row-fluid\"><div class=\"wpb_column vc_column_container vc_col-sm-6\"><div class=\"vc_column-inner\"><div class=\"wpb_wrapper\">\n\t<div class=\"wpb_text_column wpb_content_element\" >\n\t\t<div class=\"wpb_wrapper\">\n\t\t\t<h2>Lebensmittelschule 3<\/h2>\n<h3>Der klassische d\u00e4nische Mittagstisch<\/h3>\n<p>Der d\u00e4nische Mittagstisch ist eine Institution \u2013 vom Sonntagsessen bis zu Feiertagen und festlichen Zusammenk\u00fcnften. In dieser Kochschule tauchen wir in die Kulturgeschichte von Sm\u00f8rrebr\u00f8d und kalten Speisen ein.<\/p>\n<p>Sie lernen die Grundprinzipien des klassischen Sm\u00f8rrebr\u00f8d kennen: Marinaden, Aufschnitt, Fisch-, Fleisch- und Gem\u00fcsebel\u00e4ge sowie Techniken zum Anrichten, Dekorieren und Servieren. Sie werden auch mit Resten und alternativen Zutaten arbeiten \u2013 genau wie es seit jeher \u00fcblich ist.<\/p>\n<p>Hier bietet sich auch Raum f\u00fcr Kreativit\u00e4t, wenn man mit alternativen Sandwiches und Aufschnitten experimentiert, die auf Resten, Obst und Gem\u00fcse aus der K\u00fcche basieren \u2013 zum Beispiel aus der Obstschale, die so zu neuem Leben erwacht und Teil des Mittagstisches wird.<\/p>\n<p>Die Geschichte erz\u00e4hlt von der Bedeutung des Mittagessens in der d\u00e4nischen Esskultur, von Tischdekoration, Br\u00e4uchen und gesellschaftlichen Anl\u00e4ssen. Die Kochschule ist saisonal angepasst, und es werden Zutaten aus dem Museumsgarten verwendet.<\/p>\n<p><strong>Dauer:<\/strong> 3 Stunden inklusive Essen<br \/>\n<strong>Preis:<\/strong><br \/>\n\u2022 1\u201315 Personen: DKK 6.500.<br \/>\n\u2022 15\u201340 Personen: 9.000 DKK.<\/p>\n<ul>\n<li>Rohstoffe: 200 DKK pro Person<\/li>\n<\/ul>\n\n\t\t<\/div>\n\t<\/div>\n<\/div><\/div><\/div><div class=\"wpb_column vc_column_container vc_col-sm-6\"><div class=\"vc_column-inner\"><div class=\"wpb_wrapper\">\n\t<div  class=\"wpb_single_image wpb_content_element vc_align_left\">\n\t\t\n\t\t<figure class=\"wpb_wrapper vc_figure\">\n\t\t\t<div class=\"vc_single_image-wrapper   vc_box_border_grey\"><img decoding=\"async\" width=\"600\" height=\"400\" data-src=\"https:\/\/detgroennemuseum.dk\/wp-content\/smush-webp\/2026\/04\/mad-paa-spaekbraet-1-600x400.jpg.webp\" class=\"vc_single_image-img attachment-medium lazyload\" alt=\"Lebensmittel auf einem Schneidebrett\" title=\"Essen auf einem Teller\" data-srcset=\"https:\/\/detgroennemuseum.dk\/wp-content\/smush-webp\/2026\/04\/mad-paa-spaekbraet-1-600x400.jpg.webp 600w, https:\/\/detgroennemuseum.dk\/wp-content\/smush-webp\/2026\/04\/mad-paa-spaekbraet-1-1024x683.jpg.webp 1024w, https:\/\/detgroennemuseum.dk\/wp-content\/smush-webp\/2026\/04\/mad-paa-spaekbraet-1-768x512.jpg.webp 768w, https:\/\/detgroennemuseum.dk\/wp-content\/smush-webp\/2026\/04\/mad-paa-spaekbraet-1-1536x1024.jpg.webp 1536w, https:\/\/detgroennemuseum.dk\/wp-content\/smush-webp\/2026\/04\/mad-paa-spaekbraet-1-2048x1366.jpg.webp 2048w, https:\/\/detgroennemuseum.dk\/wp-content\/smush-webp\/2026\/04\/mad-paa-spaekbraet-1-18x12.jpg.webp 18w, https:\/\/detgroennemuseum.dk\/wp-content\/smush-webp\/2026\/04\/mad-paa-spaekbraet-1-64x43.jpg.webp 64w\" data-sizes=\"(max-width: 600px) 100vw, 600px\"  data-dt-location=\"https:\/\/detgroennemuseum.dk\/de\/madskoler-i-madens-hus\/mad-paa-spaekbraet-2\/\" src=\"data:image\/svg+xml;base64,PHN2ZyB3aWR0aD0iMSIgaGVpZ2h0PSIxIiB4bWxucz0iaHR0cDovL3d3dy53My5vcmcvMjAwMC9zdmciPjwvc3ZnPg==\" style=\"--smush-placeholder-width: 600px; --smush-placeholder-aspect-ratio: 600\/400;\" \/><\/div>\n\t\t<\/figure>\n\t<\/div>\n<\/div><\/div><\/div><\/div><div class=\"vc_row wpb_row vc_row-fluid\"><div class=\"wpb_column vc_column_container vc_col-sm-12\"><div class=\"vc_column-inner\"><div class=\"wpb_wrapper\"><div class=\"vc_separator wpb_content_element vc_separator_align_center vc_sep_width_100 vc_sep_pos_align_center vc_separator_no_text vc_sep_color_grey vc_custom_1776149510875 wpb_content_element  vc_custom_1776149510875 wpb_content_element\" ><span class=\"vc_sep_holder vc_sep_holder_l\"><span class=\"vc_sep_line\"><\/span><\/span><span class=\"vc_sep_holder vc_sep_holder_r\"><span class=\"vc_sep_line\"><\/span><\/span>\n<\/div><\/div><\/div><\/div><\/div><div class=\"vc_row wpb_row vc_row-fluid\"><div class=\"wpb_column vc_column_container vc_col-sm-6\"><div class=\"vc_column-inner\"><div class=\"wpb_wrapper\">\n\t<div class=\"wpb_text_column wpb_content_element\" >\n\t\t<div class=\"wpb_wrapper\">\n\t\t\t<h2>Lebensmittelschule 4<\/h2>\n<h3>Der d\u00e4nische Couchtisch \u2013 Kuchen, Kunsthandwerk und Tradition<\/h3>\n<p>Der d\u00e4nische Kaffeetisch ist eng mit dem Alltag und festlichen Anl\u00e4ssen verbunden. In dieser Kochschule lernen Sie, klassische Kuchen aus verschiedenen Epochen zuzubereiten \u2013 von w\u00fcrzigen Kuchen \u00fcber Fr\u00fcchtekuchen bis hin zu Schokoladenkuchen.<\/p>\n<p>Hier werden Backwaren nach alten Rezepten und Techniken mit den H\u00e4nden geknetet, geschlagen und geformt. Es ist ein sinnliches Erlebnis, bei dem das Tempo verlangsamt wird und der Fokus auf Handwerkskunst und Detailgenauigkeit liegt.<\/p>\n<p>Historische Utensilien werden verwendet, und der Kaffee wird wie in alten Zeiten zubereitet. Bettina Buhl spricht \u00fcber die Einf\u00fchrung von Kaffee und Kuchen in d\u00e4nischen Haushalten, \u00fcber Feiertage und dar\u00fcber, wie der Kuchentisch zum Ausdruck von F\u00fcrsorge und Status wurde.<\/p>\n<p>Die Kochschule ist sinnlich, farbenfroh und gem\u00fctlich \u2013 und gibt den Teilnehmern die M\u00f6glichkeit, klassischen Backwaren ihre ganz pers\u00f6nliche Note zu verleihen.<\/p>\n<p><strong>Dauer:<\/strong> 2 Stunden inklusive Essen<br \/>\n<strong>Preis:<\/strong><br \/>\n\u2022 1\u201315 Personen: DKK 6.500.<br \/>\n\u2022 15\u201340 Personen: 9.000 DKK.<\/p>\n<ul>\n<li>Rohstoffe: 150 DKK pro Person<\/li>\n<\/ul>\n\n\t\t<\/div>\n\t<\/div>\n<\/div><\/div><\/div><div class=\"wpb_column vc_column_container vc_col-sm-6\"><div class=\"vc_column-inner\"><div class=\"wpb_wrapper\">\n\t<div  class=\"wpb_single_image wpb_content_element vc_align_left\">\n\t\t\n\t\t<figure class=\"wpb_wrapper vc_figure\">\n\t\t\t<div class=\"vc_single_image-wrapper   vc_box_border_grey\"><img decoding=\"async\" width=\"600\" height=\"400\" data-src=\"https:\/\/detgroennemuseum.dk\/wp-content\/smush-webp\/2026\/04\/Krigskringler_2-600x400.jpg.webp\" class=\"vc_single_image-img attachment-medium lazyload\" alt=\"Kriegsbrezeln auf einem Backblech\" title=\"Kriegsbrezeln 2\" data-srcset=\"https:\/\/detgroennemuseum.dk\/wp-content\/smush-webp\/2026\/04\/Krigskringler_2-600x400.jpg.webp 600w, https:\/\/detgroennemuseum.dk\/wp-content\/smush-webp\/2026\/04\/Krigskringler_2-1024x683.jpg.webp 1024w, https:\/\/detgroennemuseum.dk\/wp-content\/smush-webp\/2026\/04\/Krigskringler_2-768x512.jpg.webp 768w, https:\/\/detgroennemuseum.dk\/wp-content\/smush-webp\/2026\/04\/Krigskringler_2-1536x1024.jpg.webp 1536w, https:\/\/detgroennemuseum.dk\/wp-content\/smush-webp\/2026\/04\/Krigskringler_2-18x12.jpg.webp 18w, https:\/\/detgroennemuseum.dk\/wp-content\/smush-webp\/2026\/04\/Krigskringler_2-64x43.jpg.webp 64w, https:\/\/detgroennemuseum.dk\/wp-content\/smush-webp\/2026\/04\/Krigskringler_2.jpg.webp 1659w\" data-sizes=\"(max-width: 600px) 100vw, 600px\"  data-dt-location=\"https:\/\/detgroennemuseum.dk\/de\/madskoler-i-madens-hus\/krigskringler_2\/\" src=\"data:image\/svg+xml;base64,PHN2ZyB3aWR0aD0iMSIgaGVpZ2h0PSIxIiB4bWxucz0iaHR0cDovL3d3dy53My5vcmcvMjAwMC9zdmciPjwvc3ZnPg==\" style=\"--smush-placeholder-width: 600px; --smush-placeholder-aspect-ratio: 600\/400;\" \/><\/div>\n\t\t<\/figure>\n\t<\/div>\n<\/div><\/div><\/div><\/div><div class=\"vc_row wpb_row vc_row-fluid\"><div class=\"wpb_column vc_column_container vc_col-sm-12\"><div class=\"vc_column-inner\"><div class=\"wpb_wrapper\"><div class=\"vc_separator wpb_content_element vc_separator_align_center vc_sep_width_100 vc_sep_pos_align_center vc_separator_no_text vc_sep_color_grey vc_custom_1776149510875 wpb_content_element  vc_custom_1776149510875 wpb_content_element\" ><span class=\"vc_sep_holder vc_sep_holder_l\"><span class=\"vc_sep_line\"><\/span><\/span><span class=\"vc_sep_holder vc_sep_holder_r\"><span class=\"vc_sep_line\"><\/span><\/span>\n<\/div><\/div><\/div><\/div><\/div><div class=\"vc_row wpb_row vc_row-fluid\"><div class=\"wpb_column vc_column_container vc_col-sm-6\"><div class=\"vc_column-inner\"><div class=\"wpb_wrapper\">\n\t<div class=\"wpb_text_column wpb_content_element\" >\n\t\t<div class=\"wpb_wrapper\">\n\t\t\t<h2>Ern\u00e4hrungsschule 5<\/h2>\n<h3>Essen Sie wie in den Seebadhotels der 1930er Jahre<\/h3>\n<p>Diese Kochschule orientiert sich an der gehobenen d\u00e4nischen K\u00fcche der 1930er Jahre \u2013 inspiriert von den Seebadhotels und dem gehobenen B\u00fcrgertum.<\/p>\n<p>Sie arbeiten praktisch mit ausgew\u00e4hlten Gerichten aus dieser Zeit und bereiten komplette Speisen nach Originalrezepten zu. Dabei kann es sich um Vorspeisen, Hauptgerichte und Beilagen handeln, die Pr\u00e4zision, gutes Timing und ein Verst\u00e4ndnis der klassischen Techniken erfordern, die die K\u00fcche der Seebadhotels pr\u00e4gten.<\/p>\n<p>Bettina Buhl, die als historische Lebensmittelberaterin f\u00fcr die TV2-Serie t\u00e4tig war <em>Das Badehotel<\/em> und gehostet auf <em>Die Kochschule des Badehotellets<\/em>, Sie hat Rezepte ausgew\u00e4hlt und das Men\u00fc zusammengestellt. K\u00fcchenchefin Kim Thygesen f\u00fchrt die Teilnehmer in Techniken und Pr\u00e4sentation ein, damit die Speisen den Ausdruck und die Eleganz der damaligen K\u00fcche widerspiegeln.<\/p>\n<p>Beim gemeinsamen Kochen und Essen werden Geschichten \u00fcber die Hotels am Meer, die Rolle des K\u00fcchenm\u00e4dchens, das gesunde Leben am Meer und \u00fcber die Arbeit erz\u00e4hlt, die n\u00f6tig ist, um die Gerichte aus der Serie nachzukochen.<\/p>\n<p><strong>Dauer:<\/strong> 3 Stunden inklusive Essen<br \/>\n<strong>Preis:<\/strong><br \/>\n\u2022 1\u201315 Personen: DKK 6.500.<br \/>\n\u2022 15\u201340 Personen: 9.000 DKK.<\/p>\n<ul>\n<li>Rohstoffe: 350 DKK pro Person<\/li>\n<\/ul>\n\n\t\t<\/div>\n\t<\/div>\n<\/div><\/div><\/div><div class=\"wpb_column vc_column_container vc_col-sm-6\"><div class=\"vc_column-inner\"><div class=\"wpb_wrapper\">\n\t<div  class=\"wpb_single_image wpb_content_element vc_align_left\">\n\t\t\n\t\t<figure class=\"wpb_wrapper vc_figure\">\n\t\t\t<div class=\"vc_single_image-wrapper   vc_box_border_grey\"><img decoding=\"async\" width=\"600\" height=\"400\" data-src=\"https:\/\/detgroennemuseum.dk\/wp-content\/smush-webp\/2026\/04\/Admiral_Gad_07-600x400-1.jpg.webp\" class=\"vc_single_image-img attachment-medium lazyload\" alt=\"Lerne alles \u00fcber Emma Gad, probiere Gerichte aus ihrer Zeit und h\u00f6re mehr \u00fcber ihr Buch Takt og Tone.\" title=\"Admiral Gad 07 600x400\" data-srcset=\"https:\/\/detgroennemuseum.dk\/wp-content\/smush-webp\/2026\/04\/Admiral_Gad_07-600x400-1.jpg.webp 600w, https:\/\/detgroennemuseum.dk\/wp-content\/smush-webp\/2026\/04\/Admiral_Gad_07-600x400-1-18x12.jpg.webp 18w, https:\/\/detgroennemuseum.dk\/wp-content\/smush-webp\/2026\/04\/Admiral_Gad_07-600x400-1-64x43.jpg.webp 64w\" data-sizes=\"(max-width: 600px) 100vw, 600px\"  data-dt-location=\"https:\/\/detgroennemuseum.dk\/de\/madskoler-i-madens-hus\/admiral_gad_07-600x400\/\" src=\"data:image\/svg+xml;base64,PHN2ZyB3aWR0aD0iMSIgaGVpZ2h0PSIxIiB4bWxucz0iaHR0cDovL3d3dy53My5vcmcvMjAwMC9zdmciPjwvc3ZnPg==\" style=\"--smush-placeholder-width: 600px; --smush-placeholder-aspect-ratio: 600\/400;\" \/><\/div>\n\t\t<\/figure>\n\t<\/div>\n<\/div><\/div><\/div><\/div><div class=\"vc_row wpb_row vc_row-fluid\"><div class=\"wpb_column vc_column_container vc_col-sm-12\"><div class=\"vc_column-inner\"><div class=\"wpb_wrapper\"><div class=\"vc_separator wpb_content_element vc_separator_align_center vc_sep_width_100 vc_sep_pos_align_center vc_separator_no_text vc_sep_color_grey vc_custom_1776149510875 wpb_content_element  vc_custom_1776149510875 wpb_content_element\" ><span class=\"vc_sep_holder vc_sep_holder_l\"><span class=\"vc_sep_line\"><\/span><\/span><span class=\"vc_sep_holder vc_sep_holder_r\"><span class=\"vc_sep_line\"><\/span><\/span>\n<\/div><\/div><\/div><\/div><\/div><div class=\"vc_row wpb_row vc_row-fluid\"><div class=\"wpb_column vc_column_container vc_col-sm-12\"><div class=\"vc_column-inner\"><div class=\"wpb_wrapper\">\n\t<div class=\"wpb_text_column wpb_content_element\" >\n\t\t<div class=\"wpb_wrapper\">\n\t\t\t<h2>Bereit f\u00fcr den n\u00e4chsten Schritt?<\/h2>\n<p>Die Kochkurse k\u00f6nnen als geschlossene Veranstaltungen gebucht und an Ihre Gruppe, W\u00fcnsche und Ihren Zeitplan angepasst werden.<\/p>\n<p><strong>Kontakt:<br \/>\n<\/strong>F\u00fcr weitere Informationen oder Anfragen bez\u00fcglich der Buchung einer Veranstaltung wenden Sie sich bitte per E-Mail an die Buchungsmanagerin Lone Christensen. <a href=\"mailto:info@dgmuseum.dk\">info@dgmuseum.dk<\/a> oder rufen Sie 87 95 15 26 an.<\/p>\n<p><span style=\"color: #008000;\"><strong><em>Es ist selbstverst\u00e4ndlich bis zu einem gewissen Grad m\u00f6glich, auf besondere Bed\u00fcrfnisse einzelner Teilnehmer hinsichtlich Allergien oder Religion einzugehen. Bitte informieren Sie uns jedoch sp\u00e4testens 14 Tage vor der Veranstaltung schriftlich dar\u00fcber.<\/em><\/strong><\/span><\/p>\n\n\t\t<\/div>\n\t<\/div>\n<\/div><\/div><\/div><\/div>\n<\/div>","protected":false},"excerpt":{"rendered":"<p>Kochkurse im Madens Hus: Eine sinnliche Reise durch die d\u00e4nische Esskultur \u2013 f\u00fcr Unternehmen und Gruppen. Stellen Sie sich vor, Sie stehen gemeinsam in einer historischen K\u00fcche. Der Duft von frischer Butter, Kr\u00e4utern\u2026<\/p>","protected":false},"author":17,"featured_media":0,"parent":0,"menu_order":0,"comment_status":"closed","ping_status":"closed","template":"","meta":{"_price":"","_stock":"","_tribe_ticket_header":"","_tribe_default_ticket_provider":"","_tribe_ticket_capacity":"","_ticket_start_date":"","_ticket_end_date":"","_tribe_ticket_show_description":"","_tribe_ticket_show_not_going":false,"_tribe_ticket_use_global_stock":"","_tribe_ticket_global_stock_level":"","_global_stock_mode":"","_global_stock_cap":"","_tribe_rsvp_for_event":"","_tribe_ticket_going_count":"","_tribe_ticket_not_going_count":"","_tribe_tickets_list":"[]","_tribe_ticket_has_attendee_info_fields":false,"footnotes":""},"class_list":["post-27445","page","type-page","status-publish","hentry","description-off"],"yoast_head":"<!-- This site is optimized with the Yoast SEO plugin v27.5 - https:\/\/yoast.com\/product\/yoast-seo-wordpress\/ -->\n<title>Madskoler i Madens Hus - Det Gr\u00f8nne Museum<\/title>\n<meta name=\"robots\" content=\"index, follow, max-snippet:-1, max-image-preview:large, max-video-preview:-1\" \/>\n<link rel=\"canonical\" href=\"https:\/\/detgroennemuseum.dk\/de\/madskoler-i-madens-hus\/\" \/>\n<meta property=\"og:locale\" content=\"de_DE\" \/>\n<meta property=\"og:type\" content=\"article\" \/>\n<meta property=\"og:title\" content=\"Madskoler i Madens Hus - Det Gr\u00f8nne Museum\" \/>\n<meta property=\"og:url\" content=\"https:\/\/detgroennemuseum.dk\/de\/madskoler-i-madens-hus\/\" \/>\n<meta property=\"og:site_name\" content=\"Det Gr\u00f8nne Museum\" \/>\n<meta name=\"twitter:card\" content=\"summary_large_image\" \/>\n<meta name=\"twitter:label1\" content=\"Gesch\u00e4tzte Lesezeit\" \/>\n\t<meta name=\"twitter:data1\" content=\"7\u00a0Minuten\" \/>\n<script type=\"application\/ld+json\" class=\"yoast-schema-graph\">{\"@context\":\"https:\\\/\\\/schema.org\",\"@graph\":[{\"@type\":\"WebPage\",\"@id\":\"https:\\\/\\\/detgroennemuseum.dk\\\/madskoler-i-madens-hus\\\/\",\"url\":\"https:\\\/\\\/detgroennemuseum.dk\\\/madskoler-i-madens-hus\\\/\",\"name\":\"Madskoler i Madens Hus - Det Gr\u00f8nne Museum\",\"isPartOf\":{\"@id\":\"https:\\\/\\\/detgroennemuseum.dk\\\/#website\"},\"datePublished\":\"2026-04-28T11:58:41+00:00\",\"breadcrumb\":{\"@id\":\"https:\\\/\\\/detgroennemuseum.dk\\\/madskoler-i-madens-hus\\\/#breadcrumb\"},\"inLanguage\":\"de\",\"potentialAction\":[{\"@type\":\"ReadAction\",\"target\":[\"https:\\\/\\\/detgroennemuseum.dk\\\/madskoler-i-madens-hus\\\/\"]}]},{\"@type\":\"BreadcrumbList\",\"@id\":\"https:\\\/\\\/detgroennemuseum.dk\\\/madskoler-i-madens-hus\\\/#breadcrumb\",\"itemListElement\":[{\"@type\":\"ListItem\",\"position\":1,\"name\":\"Hjem\",\"item\":\"https:\\\/\\\/detgroennemuseum.dk\\\/\"},{\"@type\":\"ListItem\",\"position\":2,\"name\":\"Madskoler i Madens Hus\"}]},{\"@type\":\"WebSite\",\"@id\":\"https:\\\/\\\/detgroennemuseum.dk\\\/#website\",\"url\":\"https:\\\/\\\/detgroennemuseum.dk\\\/\",\"name\":\"Det Gr\u00f8nne Museum\",\"description\":\"Danmarks nationale museum for jagten, skoven, landbruget og maden\",\"potentialAction\":[{\"@type\":\"SearchAction\",\"target\":{\"@type\":\"EntryPoint\",\"urlTemplate\":\"https:\\\/\\\/detgroennemuseum.dk\\\/?s={search_term_string}\"},\"query-input\":{\"@type\":\"PropertyValueSpecification\",\"valueRequired\":true,\"valueName\":\"search_term_string\"}}],\"inLanguage\":\"de\"}]}<\/script>\n<!-- \/ Yoast SEO plugin. -->","yoast_head_json":{"title":"Lebensmittelschulen im Madens Hus - Das Gr\u00fcne Museum","robots":{"index":"index","follow":"follow","max-snippet":"max-snippet:-1","max-image-preview":"max-image-preview:large","max-video-preview":"max-video-preview:-1"},"canonical":"https:\/\/detgroennemuseum.dk\/de\/madskoler-i-madens-hus\/","og_locale":"de_DE","og_type":"article","og_title":"Madskoler i Madens Hus - Det Gr\u00f8nne Museum","og_url":"https:\/\/detgroennemuseum.dk\/de\/madskoler-i-madens-hus\/","og_site_name":"Det Gr\u00f8nne Museum","twitter_card":"summary_large_image","twitter_misc":{"Gesch\u00e4tzte Lesezeit":"7\u00a0Minuten"},"schema":{"@context":"https:\/\/schema.org","@graph":[{"@type":"WebPage","@id":"https:\/\/detgroennemuseum.dk\/madskoler-i-madens-hus\/","url":"https:\/\/detgroennemuseum.dk\/madskoler-i-madens-hus\/","name":"Lebensmittelschulen im Madens Hus - Das Gr\u00fcne Museum","isPartOf":{"@id":"https:\/\/detgroennemuseum.dk\/#website"},"datePublished":"2026-04-28T11:58:41+00:00","breadcrumb":{"@id":"https:\/\/detgroennemuseum.dk\/madskoler-i-madens-hus\/#breadcrumb"},"inLanguage":"de","potentialAction":[{"@type":"ReadAction","target":["https:\/\/detgroennemuseum.dk\/madskoler-i-madens-hus\/"]}]},{"@type":"BreadcrumbList","@id":"https:\/\/detgroennemuseum.dk\/madskoler-i-madens-hus\/#breadcrumb","itemListElement":[{"@type":"ListItem","position":1,"name":"Hjem","item":"https:\/\/detgroennemuseum.dk\/"},{"@type":"ListItem","position":2,"name":"Madskoler i Madens Hus"}]},{"@type":"WebSite","@id":"https:\/\/detgroennemuseum.dk\/#website","url":"https:\/\/detgroennemuseum.dk\/","name":"Das Gr\u00fcne Museum","description":"D\u00e4nisches Nationalmuseum f\u00fcr Jagd, Forstwirtschaft, Landwirtschaft und Ern\u00e4hrung","potentialAction":[{"@type":"SearchAction","target":{"@type":"EntryPoint","urlTemplate":"https:\/\/detgroennemuseum.dk\/?s={search_term_string}"},"query-input":{"@type":"PropertyValueSpecification","valueRequired":true,"valueName":"search_term_string"}}],"inLanguage":"de"}]}},"_links":{"self":[{"href":"https:\/\/detgroennemuseum.dk\/de\/wp-json\/wp\/v2\/pages\/27445","targetHints":{"allow":["GET"]}}],"collection":[{"href":"https:\/\/detgroennemuseum.dk\/de\/wp-json\/wp\/v2\/pages"}],"about":[{"href":"https:\/\/detgroennemuseum.dk\/de\/wp-json\/wp\/v2\/types\/page"}],"author":[{"embeddable":true,"href":"https:\/\/detgroennemuseum.dk\/de\/wp-json\/wp\/v2\/users\/17"}],"replies":[{"embeddable":true,"href":"https:\/\/detgroennemuseum.dk\/de\/wp-json\/wp\/v2\/comments?post=27445"}],"version-history":[{"count":51,"href":"https:\/\/detgroennemuseum.dk\/de\/wp-json\/wp\/v2\/pages\/27445\/revisions"}],"predecessor-version":[{"id":27554,"href":"https:\/\/detgroennemuseum.dk\/de\/wp-json\/wp\/v2\/pages\/27445\/revisions\/27554"}],"wp:attachment":[{"href":"https:\/\/detgroennemuseum.dk\/de\/wp-json\/wp\/v2\/media?parent=27445"}],"curies":[{"name":"wp","href":"https:\/\/api.w.org\/{rel}","templated":true}]}}