{"id":26837,"date":"2026-03-27T10:47:45","date_gmt":"2026-03-27T09:47:45","guid":{"rendered":"https:\/\/detgroennemuseum.dk\/?page_id=26837"},"modified":"2026-04-16T08:17:52","modified_gmt":"2026-04-16T06:17:52","slug":"nordische-forstgeschichtskonferenz-2026","status":"publish","type":"page","link":"https:\/\/detgroennemuseum.dk\/de\/nordisk-skovhistorisk-konference-2026\/","title":{"rendered":"Nordische Forstgeschichtskonferenz 2026"},"content":{"rendered":"<div class=\"wpb-content-wrapper\"><div class=\"vc_row wpb_row vc_row-fluid vc_custom_1776320267072\"><div class=\"wpb_column vc_column_container vc_col-sm-6\"><div class=\"vc_column-inner\"><div class=\"wpb_wrapper\"><div id=\"ultimate-heading-863669f0b8a47dd06\" class=\"uvc-heading ult-adjust-bottom-margin ultimate-heading-863669f0b8a47dd06 uvc-737  uvc-heading-default-font-sizes\" data-hspacer=\"no_spacer\"  data-halign=\"left\" style=\"text-align:left\"><div class=\"uvc-heading-spacer no_spacer\" style=\"top\"><\/div><div class=\"uvc-main-heading ult-responsive\"  data-ultimate-target='.uvc-heading.ultimate-heading-863669f0b8a47dd06 h1'  data-responsive-json-new='{\"font-size\":\"\",\"line-height\":\"\"}' ><h1 style=\"--font-weight:theme;color:#FFFFFF;margin-top:10px;margin-bottom:10px;\">Nordische Forstgeschichtskonferenz 2026<\/h1><\/div><div class=\"uvc-sub-heading ult-responsive\"  data-ultimate-target='.uvc-heading.ultimate-heading-863669f0b8a47dd06 .uvc-sub-heading '  data-responsive-json-new='{\"font-size\":\"\",\"line-height\":\"\"}'  style=\"font-weight:normal;margin-top:10px;margin-bottom:10px;\"><span style=\"color: #ffffff;\"><em><strong>Das Gr\u00fcne Museum veranstaltet am 28. und 29. August 2026 in Zusammenarbeit mit nordischen Waldmuseen, forstgeschichtlichen Gesellschaften und anderen forstlichen Organisationen die Nordische Waldgeschichtliche Konferenz. Das Thema lautet: Mensch und Wald \u2013 unter Druck und in der Entwicklung.<\/strong><\/em><\/span><\/p>\n<p><\/div><\/div><\/div><\/div><\/div><div class=\"wpb_column vc_column_container vc_col-sm-6\"><div class=\"vc_column-inner\"><div class=\"wpb_wrapper\"><\/div><\/div><\/div><\/div><!-- Row Backgrounds --><div class=\"upb_bg_img\" data-ultimate-bg=\"url(https:\/\/detgroennemuseum.dk\/wp-content\/uploads\/2026\/03\/IMG_0315-2.jpg)\" data-image-id=\"id^26858|url^https:\/\/detgroennemuseum.dk\/wp-content\/uploads\/2026\/03\/IMG_0315-2.jpg|caption^Stemningsbillede fra udstillingen STORT|alt^Stemningsbillede fra udstillingen STORT 2|title^Udstillingen STORT 2|description^Stemningsbillede fra udstillingen STORT\" data-ultimate-bg-style=\"vcpb-vz-jquery\" data-bg-img-repeat=\"repeat\" data-bg-img-size=\"cover\" data-bg-img-position=\"\" data-parallx_sense=\"30\" data-bg-override=\"full\" data-bg_img_attach=\"scroll\" data-upb-overlay-color=\"\" data-upb-bg-animation=\"\" data-fadeout=\"\" data-bg-animation=\"left-animation\" data-bg-animation-type=\"h\" data-animation-repeat=\"repeat\" data-fadeout-percentage=\"30\" data-parallax-content=\"\" data-parallax-content-sense=\"30\" data-row-effect-mobile-disable=\"true\" data-img-parallax-mobile-disable=\"true\" data-rtl=\"false\"  data-custom-vc-row=\"\"  data-vc=\"8.7.2\"  data-is_old_vc=\"\"  data-theme-support=\"\"   data-overlay=\"false\" data-overlay-color=\"\" data-overlay-pattern=\"\" data-overlay-pattern-opacity=\"\" data-overlay-pattern-size=\"\"    ><\/div><div class=\"vc_row wpb_row vc_row-fluid vc_custom_1774604458369\"><div class=\"wpb_column vc_column_container vc_col-sm-6\"><div class=\"vc_column-inner\"><div class=\"wpb_wrapper\">\n\t<div class=\"wpb_text_column wpb_content_element\" >\n\t\t<div class=\"wpb_wrapper\">\n\t\t\t<h3>Mensch und Wald \u2013 unter Druck und in der Entwicklung<\/h3>\n<p><em><strong>Das Gr\u00fcne Museum veranstaltet am 28. und 29. August 2026 in Zusammenarbeit mit nordischen Waldmuseen, forstgeschichtlichen Gesellschaften und anderen forstlichen Organisationen die Nordische Waldgeschichtliche Konferenz. Das Thema lautet: Mensch und Wald \u2013 unter Druck und in der Entwicklung.<\/strong><\/em><\/p>\n<p>Ziel ist es, das nordische Netzwerk zwischen Waldmuseen, forstgeschichtlichen Gesellschaften, Forschungseinrichtungen und verwandten Organisationen nach einer einj\u00e4hrigen Pause wiederherzustellen und zu st\u00e4rken.<\/p>\n<h4>Thema<\/h4>\n<p>W\u00e4lder werden seit Jahrtausenden vom Menschen genutzt. Dies hat zu einer \u00dcbernutzung der Ressourcen gef\u00fchrt. In den letzten Jahrhunderten wurden Anstrengungen unternommen, langfristiger und nachhaltiger zu denken und zu handeln. Es wurden Entscheidungen zur Aufforstung und ver\u00e4nderten Betriebsweisen mit langfristigen Folgen getroffen. Angesichts der anhaltenden Klimakrise und des rasanten Bev\u00f6lkerungswachstums hat der Druck auf die W\u00e4lder zugenommen. Sie m\u00fcssen in Bezug auf Biodiversit\u00e4t, Klimaschutz, Holzproduktion, Erholung und Gesundheit ihren Beitrag leisten.<\/p>\n<p>Die Konferenz befasst sich mit diesen Fragen, indem sie die Geschichte aus einer nordischen, forsthistorischen Perspektive betrachtet und Verbindungen zur Gegenwart herstellt. Mit dem Wissen aus Vergangenheit und Gegenwart lassen sich zukunftsweisende L\u00f6sungen entwickeln.<\/p>\n\n\t\t<\/div>\n\t<\/div>\n<\/div><\/div><\/div><div class=\"wpb_column vc_column_container vc_col-sm-6\"><div class=\"vc_column-inner\"><div class=\"wpb_wrapper\">\n\t<div  class=\"wpb_single_image wpb_content_element vc_align_left\">\n\t\t\n\t\t<figure class=\"wpb_wrapper vc_figure\">\n\t\t\t<div class=\"vc_single_image-wrapper   vc_box_border_grey\"><img decoding=\"async\" class=\"vc_single_image-img lazyload\" data-src=\"https:\/\/detgroennemuseum.dk\/wp-content\/smush-webp\/2026\/03\/IMG_0280-2-600x450.jpg.webp\" width=\"600\" height=\"450\" alt=\"Stimmungsbild aus der Ausstellung BIG\" title=\"Die Ausstellung BIG 1\"  data-dt-location=\"https:\/\/detgroennemuseum.dk\/de\/nordisk-skovhistorisk-konference-2026\/img_0280-2\/\" src=\"data:image\/svg+xml;base64,PHN2ZyB3aWR0aD0iMSIgaGVpZ2h0PSIxIiB4bWxucz0iaHR0cDovL3d3dy53My5vcmcvMjAwMC9zdmciPjwvc3ZnPg==\" style=\"--smush-placeholder-width: 600px; --smush-placeholder-aspect-ratio: 600\/450;\" \/><\/div>\n\t\t<\/figure>\n\t<\/div>\n<\/div><\/div><\/div><\/div><div class=\"vc_row wpb_row vc_row-fluid vc_custom_1774604458369\"><div class=\"wpb_column vc_column_container vc_col-sm-12\"><div class=\"vc_column-inner\"><div class=\"wpb_wrapper\">\n\t<div class=\"wpb_text_column wpb_content_element\" >\n\t\t<div class=\"wpb_wrapper\">\n\t\t\t<h4>Das Gr\u00fcne Museum<\/h4>\n<p>Das Gr\u00fcne Museum, D\u00e4nemarks Nationalmuseum f\u00fcr die Kulturgeschichte von W\u00e4ldern, Jagd, Landwirtschaft und Ern\u00e4hrung, ist Gastgeber der Konferenz. Wir erz\u00e4hlen die Geschichte der menschlichen Nutzung der Natur.<\/p>\n<p>Die Teilnehmer lernen zwei der neuesten Ausstellungen des Museums kennen:<\/p>\n<ul>\n<li><em>Unter der Sonne \u2013 80 Jahre Streben nach dem guten Leben,<\/em> Der Gast wird zu einer Reise durch die letzten acht Jahrzehnte d\u00e4nischer Geschichte eingeladen \u2013 erz\u00e4hlt anhand der vier Kernbereiche des Museums.<\/li>\n<li><em>BIG \u2013 Der Mensch und der Wald<\/em>, eine gro\u00dfartige und stimmungsvolle Reise durch die Geschichte der W\u00e4lder D\u00e4nemarks, mit den gr\u00f6\u00dften Geschichten und<strong> die wichtigsten Objekte.<\/strong><\/li>\n<\/ul>\n\n\t\t<\/div>\n\t<\/div>\n<\/div><\/div><\/div><\/div><div class=\"vc_row wpb_row vc_row-fluid\"><div class=\"wpb_column vc_column_container vc_col-sm-12\"><div class=\"vc_column-inner\"><div class=\"wpb_wrapper\"><div class=\"vc_separator wpb_content_element vc_separator_align_center vc_sep_width_100 vc_sep_pos_align_center vc_separator_no_text vc_sep_color_grey vc_custom_1774601078494 wpb_content_element  vc_custom_1774601078494 wpb_content_element\" ><span class=\"vc_sep_holder vc_sep_holder_l\"><span class=\"vc_sep_line\"><\/span><\/span><span class=\"vc_sep_holder vc_sep_holder_r\"><span class=\"vc_sep_line\"><\/span><\/span>\n<\/div><\/div><\/div><\/div><\/div><div class=\"vc_row wpb_row vc_row-fluid\"><div class=\"wpb_column vc_column_container vc_col-sm-12\"><div class=\"vc_column-inner\"><div class=\"wpb_wrapper\">\n\t<div class=\"wpb_text_column wpb_content_element\" >\n\t\t<div class=\"wpb_wrapper\">\n\t\t\t<h4 style=\"text-align: left;\">Konferenzprogramm<\/h4>\n<p style=\"text-align: left;\"><strong>Freitag, 28. August<br \/>\n<\/strong>Das Programm am Freitag findet im Green Museum statt.<\/p>\n<p>Teilnehmer aus Island, Norwegen, Schweden, Finnland, Gr\u00f6nland, den F\u00e4r\u00f6er-Inseln und D\u00e4nemark werden Pr\u00e4sentationen zum Gesamtthema der Konferenz und einen kurzen \u00dcberblick \u00fcber die aktuelle Situation in den W\u00e4ldern des Landes beisteuern.<\/p>\n<p style=\"text-align: left;\">Die Pr\u00e4sentationen sind auf Englisch.<\/p>\n<p style=\"text-align: left;\"><strong>Samstag, 29. August<br \/>\n<\/strong>Das Programm am Samstag ist ein Ganztagesausflug nach<\/p>\n<ul>\n<li style=\"text-align: left;\">Der Fussing\u00f8-Naturpark, gegr\u00fcndet von der d\u00e4nischen Naturschutzbeh\u00f6rde im Jahr 2025, entstand auf einem ehemaligen Gutsgel\u00e4nde, auf dem Landwirtschaft und Forstwirtschaft eingestellt wurden und gro\u00dfe Weidetiere eingef\u00fchrt wurden.<\/li>\n<li style=\"text-align: left;\">L\u00f8venholm Gods, ein im Besitz einer Stiftung befindliches Gut mit 2.860 Hektar Wald, das nach Nachhaltigkeitskriterien f\u00fcr Mensch, Umwelt und Wirtschaft bewirtschaftet wird.<\/li>\n<li style=\"text-align: left;\">Die Forstschule Djursland, die zur Universit\u00e4t Kopenhagen geh\u00f6rt und an der unter anderem Forst- und Landschaftsingenieure ausgebildet werden<\/li>\n<\/ul>\n\n\t\t<\/div>\n\t<\/div>\n<\/div><\/div><\/div><\/div><div class=\"vc_row wpb_row vc_row-fluid\"><div class=\"wpb_column vc_column_container vc_col-sm-12\"><div class=\"vc_column-inner\"><div class=\"wpb_wrapper\"><div class=\"vc_separator wpb_content_element vc_separator_align_center vc_sep_width_100 vc_sep_pos_align_center vc_separator_no_text vc_sep_color_grey vc_custom_1774601078494 wpb_content_element  vc_custom_1774601078494 wpb_content_element\" ><span class=\"vc_sep_holder vc_sep_holder_l\"><span class=\"vc_sep_line\"><\/span><\/span><span class=\"vc_sep_holder vc_sep_holder_r\"><span class=\"vc_sep_line\"><\/span><\/span>\n<\/div><\/div><\/div><\/div><\/div><div class=\"vc_row wpb_row vc_row-fluid\"><div class=\"wpb_column vc_column_container vc_col-sm-12\"><div class=\"vc_column-inner\"><div class=\"wpb_wrapper\"><div class=\"ult_exp_section_layer ult-adjust-bottom-margin\" >\n\t\t<div id=\"uvc-exp-wrap-1555\" role=\"button\" tabindex=\"0\" aria-pressed=\"false\"  data-ultimate-target='#uvc-exp-wrap-1555'  data-responsive-json-new='{\"font-size\":\"desktop:20px;\",\"line-height\":\"desktop:20px;\"}'  class=\"ult_exp_section  ult-responsive\" style=\"color:#333333;background-color:#73925C; font-weight:normal;  text-align:left;\" data-textcolor=\"#333333\"data-texthover=\"#333333\"data-icncolor=\"#333333\"data-ihover=\"#333333\"data-height=\"0\"data-cntbg=\"#73925C\"data-cnthvrbg=\"#81D742\"data-headerbg=\"#73925C\"data-headerhover=\"#81D742\"data-title=\"Se detaljeret program her\"data-newtitle=\"Detaljeret forel\u00f8bigt program\"data-icon=\"\"data-newicon=\"\"data-activeicon=\"#333333\"data-effect=\"slideToggle\"data-override=\"0\"data-activetitle=\"#333333\"data-activebg=\"#81D742\"data-img=\"\"data-newimg=\"\"><div  class=\"ult_exp_section-main\">\n\t\t\t\t\t<div class=\"ult_expheader\" >Das detaillierte Programm finden Sie hier.\n\t\t\t\t\t <\/div><\/div>\n\t\t\t\t<\/div><div class=\"ult_exp_content\" style=\"background-color:#73925C;  \"><div class=\"ult_ecpsub_cont\" style=\" \" >\n\t<div class=\"wpb_text_column wpb_content_element\" >\n\t\t<div class=\"wpb_wrapper\">\n\t\t\t<p style=\"text-align: left;\"><strong>Programm f\u00fcr Freitag, den 28. August 2026<br \/>\n<\/strong>8:45 Uhr \u2013 Registrierung und Ausgabe der Teilnehmerunterlagen<br \/>\n9:00 Uhr \u2013 Begr\u00fc\u00dfung durch Museumsdirektorin Anne Bjerrek\u00e6r, The Green Museum<br \/>\n9:15 Uhr \u2013 Island: 25 Minuten Pr\u00e4sentation und 10 Minuten f\u00fcr Fragen<br \/>\n9:50 Uhr \u2013 Norwegen: 25 Minuten Pr\u00e4sentation und 10 Minuten f\u00fcr Fragen<br \/>\n10:25 Uhr \u2013 Kaffeepause<br \/>\n11:00 Uhr \u2013 Schweden: 25 Minuten Pr\u00e4sentation und 10 Minuten f\u00fcr Fragen<br \/>\n11:35 Uhr \u2013 Finnland: 25 Minuten Pr\u00e4sentation und 10 Minuten f\u00fcr Fragen<br \/>\n12:10 Uhr \u2013 Gr\u00f6nland: 25-min\u00fctige Pr\u00e4sentation und 10 Minuten f\u00fcr Fragen<br \/>\n12:45 Uhr \u2013 Mittagessen im Madens Hus, Einf\u00fchrung in die historischen K\u00fcchen des Museums und die Arbeit mit dem lebendigen Kulturerbe durch Museumsp\u00e4dagoge Rasmus Amtkj\u00e6r<br \/>\n13:30 Uhr \u2013 F\u00fchrung durch die Museumsausstellung \u201dSTORT \u2013 Mensch und Wald\u201d mit Museumskuratorin Helle Serup<br \/>\n14:00 Uhr \u2013 F\u00e4r\u00f6er-Inseln: 25-min\u00fctige Pr\u00e4sentation und 10 Minuten f\u00fcr Fragen<br \/>\n14:35 Uhr \u2013 D\u00e4nemark: 25 Minuten Pr\u00e4sentation und 10 Minuten f\u00fcr Fragen<br \/>\n15:10 Uhr \u2013 Kaffeepause<br \/>\n15:30 Uhr \u2013 Gemeinsame Sitzung: Kurze Pr\u00e4sentation der aktuellen Situation in den W\u00e4ldern der einzelnen nordischen L\u00e4nder, anschlie\u00dfend gemeinsame Diskussion (7-min\u00fctige Pr\u00e4sentation, dann Plenumsdiskussion)<br \/>\n17:00 Uhr \u2013 F\u00fchrung durch die neueste Ausstellung des Museums \u201dUnter der Sonne \u2013 80 Jahre Streben nach dem guten Leben\u201d mit Kommunikationsleiterin Maria Berg Briese<br \/>\n17:30 Uhr \u2013 Das Programm endet und es besteht die M\u00f6glichkeit, die anderen Ausstellungen des Museums zu besuchen.<br \/>\n19:00 Uhr \u2013 Konferenzdinner im Museumsrestaurant Den Gamle Stald<\/p>\n<p style=\"text-align: left;\"><strong>Programm f\u00fcr Samstag, den 29. August 2026<\/strong><br \/>\n9:30 Uhr \u2013 Besuch des Fussing\u00f8-Naturparks<\/p>\n<p style=\"text-align: left; padding-left: 40px;\"><em>Moderation: Projektmanagerin und Sonderberaterin der D\u00e4nischen Naturschutzbeh\u00f6rde, Matilde Raahede, und Historiker Christian St\u00e6rmose Chandler<\/em><br \/>\n<em>Der Fussing\u00f8-Naturpark, D\u00e4nemarks erster Naturpark, wurde im Sommer 2025 gegr\u00fcndet. Fussing\u00f8 war zuvor ein Gut mit einer abwechslungsreichen Landschaft aus Feuchtgebieten, Wiesen, Feldern, Fussing S\u00f8 und Skals \u00c5, umgeben von Wald. Land- und Forstwirtschaft wurden eingestellt und gro\u00dfe Weidetiere angesiedelt.<\/em><\/p>\n<p style=\"text-align: left;\">Um 11:30 Uhr \u2013 Mittagessen mit Sandwiches<br \/>\n12:15 Uhr \u2013 Abfahrt vom Fussing\u00f8 Nature National Park<br \/>\n13:00 Uhr \u2013 Besuch des Herrenhauses L\u00f8venholm<\/p>\n<p style=\"text-align: left; padding-left: 40px;\"><em>Gastgeber: Gutsverwalter Jens Chr. Dahl und F\u00f6rster Daniel Hintz<\/em><br \/>\n<em>Die Stiftung L\u00f8venholm Gods bewirtschaftet einen 2.860 Hektar gro\u00dfen Forstbetrieb, dessen Bewirtschaftung auf Nachhaltigkeitskriterien in Bezug auf Mensch, Umwelt und Wirtschaft basiert. Der Besuch endet an der Forstschule Eldrupg\u00e5rd.<\/em><\/p>\n<p style=\"text-align: left;\">15:30 Uhr \u2013 Kaffeepause<br \/>\n16:00 Uhr \u2013 F\u00fchrung durch die Forstschule Eldrupg\u00e5rd<\/p>\n<p style=\"text-align: left; padding-left: 40px;\"><em>Die Djursland Forestry School ist ein relativ neu gegr\u00fcndeter Teil der Universit\u00e4t Kopenhagen, wo unter anderem Forst- und Landschaftsingenieure ausgebildet werden.<\/em><\/p>\n<p style=\"text-align: left;\">17:30 Uhr \u2013 Ende der Tour<\/p>\n\n\t\t<\/div>\n\t<\/div>\n<\/div><\/div>\n\n\t\t\t<\/div><\/div><\/div><\/div><\/div><div class=\"vc_row wpb_row vc_row-fluid\"><div class=\"wpb_column vc_column_container vc_col-sm-12\"><div class=\"vc_column-inner\"><div class=\"wpb_wrapper\"><div class=\"vc_separator wpb_content_element vc_separator_align_center vc_sep_width_100 vc_sep_pos_align_center vc_separator_no_text vc_sep_color_grey vc_custom_1774601078494 wpb_content_element  vc_custom_1774601078494 wpb_content_element\" ><span class=\"vc_sep_holder vc_sep_holder_l\"><span class=\"vc_sep_line\"><\/span><\/span><span class=\"vc_sep_holder vc_sep_holder_r\"><span class=\"vc_sep_line\"><\/span><\/span>\n<\/div><\/div><\/div><\/div><\/div><div class=\"vc_row wpb_row vc_row-fluid\"><div class=\"wpb_column vc_column_container vc_col-sm-6\"><div class=\"vc_column-inner\"><div class=\"wpb_wrapper\">\n\t<div class=\"wpb_text_column wpb_content_element\" >\n\t\t<div class=\"wpb_wrapper\">\n\t\t\t<h4>Verbreitung<\/h4>\n<p>Die Pr\u00e4sentationen der Referenten werden digital auf der Website des Green Museums und, soweit m\u00f6glich, \u00fcber die Plattformen von Partnern in den anderen nordischen L\u00e4ndern ver\u00f6ffentlicht.<\/p>\n<h4>Teilnahme und Anmeldung<\/h4>\n<p>Die Konferenz richtet sich an Forscher, Museumsfachleute, F\u00f6rster, Studenten und andere Interessierte an der Geschichte und Entwicklung der W\u00e4lder aus nordischer Perspektive.<\/p>\n<p>Sie haben die Wahl:<\/p>\n<ul>\n<li>Nehmen Sie am Seminar am Freitag teil<\/li>\n<li>an der gesamten Konferenz einschlie\u00dflich des Ausflugs am Samstag teilnehmen<\/li>\n<\/ul>\n<p>Der Preis f\u00fcr die Teilnahme am Freitagsprogramm, inklusive Morgenkaffee, Mittagessen und Nachmittagskaffee, aber ohne Galadinner, betr\u00e4gt 500 DKK.<\/p>\n<p>Der Preis f\u00fcr die Teilnahme am Freitagsprogramm inklusive Festessen (ohne Getr\u00e4nke) betr\u00e4gt 500 DKK zuz\u00fcglich Selbstkosten (die noch nicht bekannt gegeben werden k\u00f6nnen, da das Men\u00fc noch nicht feststeht).<\/p>\n<p>Die Teilnahmegeb\u00fchr f\u00fcr den Ausflug am Samstag betr\u00e4gt 500 DKK inklusive Bustransport, belegten Br\u00f6tchen und Getr\u00e4nken zum Mittagessen.<\/p>\n<p>Der Preis f\u00fcr die Teilnahme am Programm am Freitag und Samstag, einschlie\u00dflich eines Galadinners am Freitag, jedoch ohne \u00dcbernachtung, betr\u00e4gt 1.700 DKK.<\/p>\n<p><strong>Der Preis f\u00fcr die Teilnahme an der gesamten Konferenz einschlie\u00dflich des Ausflugs am Samstag betr\u00e4gt 4.400 DKK.<\/strong><\/p>\n<p>Diese Zahlung beinhaltet:<\/p>\n<ul>\n<li>3 \u00dcbernachtungen in einem 4-Sterne-Hotel in Randers inklusive Fr\u00fchst\u00fcck<\/li>\n<li>2 x Mittagessen, 3 x Abendessen inkl. Konferenzdinner (exkl. Getr\u00e4nke)<\/li>\n<li>Kaffee\/Tee<\/li>\n<li>Transport zwischen Hotel und Museum<\/li>\n<li>Ganztagesausflug mit dem Bus<\/li>\n<\/ul>\n<p>Wenn Sie eine Begleitperson mitbringen m\u00f6chten, f\u00e4llt ein Aufpreis von 400 DKK pro Nacht an, der Unterkunft und Fr\u00fchst\u00fcck beinhaltet. Es kann nicht garantiert werden, dass Ihre Begleitperson am Tag des Ausflugs einen Sitzplatz im Bus erh\u00e4lt.<\/p>\n<p>Die Anmeldung beginnt am 18. Mai, Interessierte sollten sich die gew\u00fcnschten Tage jedoch schon jetzt im Kalender reservieren. Da die Pl\u00e4tze begrenzt sind, k\u00f6nnen Sie sich auch gerne per E-Mail anmelden. <a href=\"mailto:info@dgmuseum.dk\">info@dgmuseum.dk<\/a> \u00fcber Ihr Interesse, woraufhin Sie weitere Informationen erhalten.<\/p>\n<p>Fragen zur Konferenz richten Sie bitte an:<br \/>\nHelle Serup, Museumskuratorin<br \/>\n<a href=\"mailto:hs@dgmuseum.dk\">hs@dgmuseum.dk<\/a><br \/>\n+45 4196 3633<\/p>\n<p>Fragen zur Anmeldung richten Sie bitte an:<br \/>\n<a href=\"mailto:info@dgmuseum.dk\">info@dgmuseum.dk<\/a><\/p>\n<h4>Unterst\u00fctzung<\/h4>\n<p>Die Konferenz findet mit Unterst\u00fctzung von statt <em>Die Kulturstiftung des Nordischen Rates, die L\u00f8venholm-Stiftung, das Kloster Vemmetofte und die Gesellschaft f\u00fcr Wald- und Jagdgeschichte.<\/em><\/p>\n\n\t\t<\/div>\n\t<\/div>\n<\/div><\/div><\/div><div class=\"wpb_column vc_column_container vc_col-sm-6\"><div class=\"vc_column-inner\"><div class=\"wpb_wrapper\">\n\t<div  class=\"wpb_single_image wpb_content_element vc_align_left\">\n\t\t\n\t\t<figure class=\"wpb_wrapper vc_figure\">\n\t\t\t<div class=\"vc_single_image-wrapper   vc_box_border_grey\"><img decoding=\"async\" class=\"vc_single_image-img lazyload\" data-src=\"https:\/\/detgroennemuseum.dk\/wp-content\/uploads\/2026\/03\/Under-Solen-Esben-og-Anette-1-400x532.jpg\" width=\"400\" height=\"532\" alt=\"Stimmungsbild aus \u201eUnter der Sonne\u201c\" title=\"Unter der Sonne Esben und Anette 1\"  data-dt-location=\"https:\/\/detgroennemuseum.dk\/de\/nordisk-skovhistorisk-konference-2026\/under-solen-esben-og-anette-1\/\" src=\"data:image\/svg+xml;base64,PHN2ZyB3aWR0aD0iMSIgaGVpZ2h0PSIxIiB4bWxucz0iaHR0cDovL3d3dy53My5vcmcvMjAwMC9zdmciPjwvc3ZnPg==\" style=\"--smush-placeholder-width: 400px; --smush-placeholder-aspect-ratio: 400\/532;\" \/><\/div>\n\t\t<\/figure>\n\t<\/div>\n<\/div><\/div><\/div><\/div><div class=\"vc_row wpb_row vc_row-fluid\"><div class=\"wpb_column vc_column_container vc_col-sm-4\"><div class=\"vc_column-inner\"><div class=\"wpb_wrapper\">\n\t<div  class=\"wpb_single_image wpb_content_element vc_align_left  vc_custom_1775556638929\">\n\t\t\n\t\t<figure class=\"wpb_wrapper vc_figure\">\n\t\t\t<div class=\"vc_single_image-wrapper   vc_box_border_grey\"><img decoding=\"async\" class=\"vc_single_image-img lazyload\" data-src=\"https:\/\/detgroennemuseum.dk\/wp-content\/uploads\/2026\/03\/Nordisk_Kulturfond_Black_RGB-300x72.png\" width=\"300\" height=\"72\" alt=\"Nordische Kulturstiftung Schwarz RGB\" title=\"Nordische Kulturstiftung Schwarz RGB\"  data-dt-location=\"https:\/\/detgroennemuseum.dk\/de\/nordisk-skovhistorisk-konference-2026\/nordisk_kulturfond_black_rgb\/\" src=\"data:image\/svg+xml;base64,PHN2ZyB3aWR0aD0iMSIgaGVpZ2h0PSIxIiB4bWxucz0iaHR0cDovL3d3dy53My5vcmcvMjAwMC9zdmciPjwvc3ZnPg==\" style=\"--smush-placeholder-width: 300px; --smush-placeholder-aspect-ratio: 300\/72;\" \/><\/div>\n\t\t<\/figure>\n\t<\/div>\n<\/div><\/div><\/div><div class=\"wpb_column vc_column_container vc_col-sm-4\"><div class=\"vc_column-inner\"><div class=\"wpb_wrapper\">\n\t<div  class=\"wpb_single_image wpb_content_element vc_align_left  vc_custom_1775556625367\">\n\t\t\n\t\t<figure class=\"wpb_wrapper vc_figure\">\n\t\t\t<div class=\"vc_single_image-wrapper   vc_box_border_grey\"><img decoding=\"async\" class=\"vc_single_image-img lazyload\" data-src=\"https:\/\/detgroennemuseum.dk\/wp-content\/uploads\/2026\/03\/gods-moerk-u-bg-300x140.png\" width=\"300\" height=\"140\" alt=\"Waren Dark U Bg\" title=\"Waren Dark U Bg\"  data-dt-location=\"https:\/\/detgroennemuseum.dk\/de\/nordisk-skovhistorisk-konference-2026\/gods-moerk-u-bg\/\" src=\"data:image\/svg+xml;base64,PHN2ZyB3aWR0aD0iMSIgaGVpZ2h0PSIxIiB4bWxucz0iaHR0cDovL3d3dy53My5vcmcvMjAwMC9zdmciPjwvc3ZnPg==\" style=\"--smush-placeholder-width: 300px; --smush-placeholder-aspect-ratio: 300\/140;\" \/><\/div>\n\t\t<\/figure>\n\t<\/div>\n<\/div><\/div><\/div><div class=\"wpb_column vc_column_container vc_col-sm-4\"><div class=\"vc_column-inner\"><div class=\"wpb_wrapper\"><\/div><\/div><\/div><\/div>\n<\/div>","protected":false},"excerpt":{"rendered":"<p>Nordische Waldgeschichtskonferenz 2026: Das Gr\u00fcne Museum veranstaltet in Zusammenarbeit mit nordischen Waldmuseen, waldgeschichtlichen Gesellschaften und anderen forstlichen Organisationen am 28. und 29. August 2026 die Nordische Waldgeschichtskonferenz. Das Thema lautet: Mensch und Wald \u2013 unter\u2026<\/p>","protected":false},"author":17,"featured_media":26859,"parent":0,"menu_order":0,"comment_status":"closed","ping_status":"closed","template":"","meta":{"_price":"","_stock":"","_tribe_ticket_header":"","_tribe_default_ticket_provider":"","_tribe_ticket_capacity":"","_ticket_start_date":"","_ticket_end_date":"","_tribe_ticket_show_description":"","_tribe_ticket_show_not_going":false,"_tribe_ticket_use_global_stock":"","_tribe_ticket_global_stock_level":"","_global_stock_mode":"","_global_stock_cap":"","_tribe_rsvp_for_event":"","_tribe_ticket_going_count":"","_tribe_ticket_not_going_count":"","_tribe_tickets_list":"[]","_tribe_ticket_has_attendee_info_fields":false,"footnotes":""},"class_list":["post-26837","page","type-page","status-publish","has-post-thumbnail","hentry","description-off"],"yoast_head":"<!-- This site is optimized with the Yoast SEO plugin v27.4 - https:\/\/yoast.com\/product\/yoast-seo-wordpress\/ -->\n<title>Nordisk Skovhistorisk Konference 2026 - Det Gr\u00f8nne Museum<\/title>\n<meta name=\"description\" content=\"Det Gr\u00f8nne Museum afholder 27\u201329 august 2026 Nordisk Skovhistorisk Konference. Temaet er Mennesket og skoven \u2013 under pres og i udvikling.\" \/>\n<meta name=\"robots\" content=\"index, follow, max-snippet:-1, max-image-preview:large, max-video-preview:-1\" \/>\n<link rel=\"canonical\" href=\"https:\/\/detgroennemuseum.dk\/de\/nordische-forstgeschichtskonferenz-2026\/\" \/>\n<meta property=\"og:locale\" content=\"de_DE\" \/>\n<meta property=\"og:type\" content=\"article\" \/>\n<meta property=\"og:title\" content=\"Nordisk Skovhistorisk Konference 2026 - Det Gr\u00f8nne Museum\" \/>\n<meta property=\"og:description\" content=\"Det Gr\u00f8nne Museum afholder 27\u201329 august 2026 Nordisk Skovhistorisk Konference. Temaet er Mennesket og skoven \u2013 under pres og i udvikling.\" \/>\n<meta property=\"og:url\" content=\"https:\/\/detgroennemuseum.dk\/de\/nordische-forstgeschichtskonferenz-2026\/\" \/>\n<meta property=\"og:site_name\" content=\"Det Gr\u00f8nne Museum\" \/>\n<meta property=\"article:modified_time\" content=\"2026-04-16T06:17:52+00:00\" \/>\n<meta property=\"og:image\" content=\"https:\/\/detgroennemuseum.dk\/wp-content\/uploads\/2026\/03\/IMG_0280-2.jpg\" \/>\n\t<meta property=\"og:image:width\" content=\"1500\" \/>\n\t<meta property=\"og:image:height\" content=\"1125\" \/>\n\t<meta property=\"og:image:type\" content=\"image\/jpeg\" \/>\n<meta name=\"twitter:card\" content=\"summary_large_image\" \/>\n<meta name=\"twitter:label1\" content=\"Gesch\u00e4tzte Lesezeit\" \/>\n\t<meta name=\"twitter:data1\" content=\"10\u00a0Minuten\" \/>\n<script type=\"application\/ld+json\" class=\"yoast-schema-graph\">{\"@context\":\"https:\\\/\\\/schema.org\",\"@graph\":[{\"@type\":\"WebPage\",\"@id\":\"https:\\\/\\\/detgroennemuseum.dk\\\/nordisk-skovhistorisk-konference-2026\\\/\",\"url\":\"https:\\\/\\\/detgroennemuseum.dk\\\/nordisk-skovhistorisk-konference-2026\\\/\",\"name\":\"Nordisk Skovhistorisk Konference 2026 - Det Gr\u00f8nne Museum\",\"isPartOf\":{\"@id\":\"https:\\\/\\\/detgroennemuseum.dk\\\/#website\"},\"primaryImageOfPage\":{\"@id\":\"https:\\\/\\\/detgroennemuseum.dk\\\/nordisk-skovhistorisk-konference-2026\\\/#primaryimage\"},\"image\":{\"@id\":\"https:\\\/\\\/detgroennemuseum.dk\\\/nordisk-skovhistorisk-konference-2026\\\/#primaryimage\"},\"thumbnailUrl\":\"https:\\\/\\\/detgroennemuseum.dk\\\/wp-content\\\/uploads\\\/2026\\\/03\\\/IMG_0280-2.jpg\",\"datePublished\":\"2026-03-27T09:47:45+00:00\",\"dateModified\":\"2026-04-16T06:17:52+00:00\",\"description\":\"Det Gr\u00f8nne Museum afholder 27\u201329 august 2026 Nordisk Skovhistorisk Konference. Temaet er Mennesket og skoven \u2013 under pres og i udvikling.\",\"breadcrumb\":{\"@id\":\"https:\\\/\\\/detgroennemuseum.dk\\\/nordisk-skovhistorisk-konference-2026\\\/#breadcrumb\"},\"inLanguage\":\"de\",\"potentialAction\":[{\"@type\":\"ReadAction\",\"target\":[\"https:\\\/\\\/detgroennemuseum.dk\\\/nordisk-skovhistorisk-konference-2026\\\/\"]}]},{\"@type\":\"ImageObject\",\"inLanguage\":\"de\",\"@id\":\"https:\\\/\\\/detgroennemuseum.dk\\\/nordisk-skovhistorisk-konference-2026\\\/#primaryimage\",\"url\":\"https:\\\/\\\/detgroennemuseum.dk\\\/wp-content\\\/uploads\\\/2026\\\/03\\\/IMG_0280-2.jpg\",\"contentUrl\":\"https:\\\/\\\/detgroennemuseum.dk\\\/wp-content\\\/uploads\\\/2026\\\/03\\\/IMG_0280-2.jpg\",\"width\":1500,\"height\":1125,\"caption\":\"Stemningsbillede fra udstillingen STORT\"},{\"@type\":\"BreadcrumbList\",\"@id\":\"https:\\\/\\\/detgroennemuseum.dk\\\/nordisk-skovhistorisk-konference-2026\\\/#breadcrumb\",\"itemListElement\":[{\"@type\":\"ListItem\",\"position\":1,\"name\":\"Hjem\",\"item\":\"https:\\\/\\\/detgroennemuseum.dk\\\/\"},{\"@type\":\"ListItem\",\"position\":2,\"name\":\"Nordisk Skovhistorisk Konference 2026\"}]},{\"@type\":\"WebSite\",\"@id\":\"https:\\\/\\\/detgroennemuseum.dk\\\/#website\",\"url\":\"https:\\\/\\\/detgroennemuseum.dk\\\/\",\"name\":\"Det Gr\u00f8nne Museum\",\"description\":\"Danmarks nationale museum for jagten, skoven, landbruget og maden\",\"potentialAction\":[{\"@type\":\"SearchAction\",\"target\":{\"@type\":\"EntryPoint\",\"urlTemplate\":\"https:\\\/\\\/detgroennemuseum.dk\\\/?s={search_term_string}\"},\"query-input\":{\"@type\":\"PropertyValueSpecification\",\"valueRequired\":true,\"valueName\":\"search_term_string\"}}],\"inLanguage\":\"de\"}]}<\/script>\n<!-- \/ Yoast SEO plugin. -->","yoast_head_json":{"title":"Nordische Waldgeschichtskonferenz 2026 \u2013 Das Gr\u00fcne Museum","description":"Das Gr\u00fcne Museum veranstaltet vom 27. bis 29. August 2026 die Konferenz zur Geschichte des nordischen Waldes. Das Thema lautet: Mensch und Wald \u2013 unter Druck und in der Entwicklung.","robots":{"index":"index","follow":"follow","max-snippet":"max-snippet:-1","max-image-preview":"max-image-preview:large","max-video-preview":"max-video-preview:-1"},"canonical":"https:\/\/detgroennemuseum.dk\/de\/nordische-forstgeschichtskonferenz-2026\/","og_locale":"de_DE","og_type":"article","og_title":"Nordisk Skovhistorisk Konference 2026 - Det Gr\u00f8nne Museum","og_description":"Det Gr\u00f8nne Museum afholder 27\u201329 august 2026 Nordisk Skovhistorisk Konference. Temaet er Mennesket og skoven \u2013 under pres og i udvikling.","og_url":"https:\/\/detgroennemuseum.dk\/de\/nordische-forstgeschichtskonferenz-2026\/","og_site_name":"Det Gr\u00f8nne Museum","article_modified_time":"2026-04-16T06:17:52+00:00","og_image":[{"width":1500,"height":1125,"url":"https:\/\/detgroennemuseum.dk\/wp-content\/uploads\/2026\/03\/IMG_0280-2.jpg","type":"image\/jpeg"}],"twitter_card":"summary_large_image","twitter_misc":{"Gesch\u00e4tzte Lesezeit":"10\u00a0Minuten"},"schema":{"@context":"https:\/\/schema.org","@graph":[{"@type":"WebPage","@id":"https:\/\/detgroennemuseum.dk\/nordisk-skovhistorisk-konference-2026\/","url":"https:\/\/detgroennemuseum.dk\/nordisk-skovhistorisk-konference-2026\/","name":"Nordische Waldgeschichtskonferenz 2026 \u2013 Das Gr\u00fcne Museum","isPartOf":{"@id":"https:\/\/detgroennemuseum.dk\/#website"},"primaryImageOfPage":{"@id":"https:\/\/detgroennemuseum.dk\/nordisk-skovhistorisk-konference-2026\/#primaryimage"},"image":{"@id":"https:\/\/detgroennemuseum.dk\/nordisk-skovhistorisk-konference-2026\/#primaryimage"},"thumbnailUrl":"https:\/\/detgroennemuseum.dk\/wp-content\/uploads\/2026\/03\/IMG_0280-2.jpg","datePublished":"2026-03-27T09:47:45+00:00","dateModified":"2026-04-16T06:17:52+00:00","description":"Das Gr\u00fcne Museum veranstaltet vom 27. bis 29. August 2026 die Konferenz zur Geschichte des nordischen Waldes. Das Thema lautet: Mensch und Wald \u2013 unter Druck und in der Entwicklung.","breadcrumb":{"@id":"https:\/\/detgroennemuseum.dk\/nordisk-skovhistorisk-konference-2026\/#breadcrumb"},"inLanguage":"de","potentialAction":[{"@type":"ReadAction","target":["https:\/\/detgroennemuseum.dk\/nordisk-skovhistorisk-konference-2026\/"]}]},{"@type":"ImageObject","inLanguage":"de","@id":"https:\/\/detgroennemuseum.dk\/nordisk-skovhistorisk-konference-2026\/#primaryimage","url":"https:\/\/detgroennemuseum.dk\/wp-content\/uploads\/2026\/03\/IMG_0280-2.jpg","contentUrl":"https:\/\/detgroennemuseum.dk\/wp-content\/uploads\/2026\/03\/IMG_0280-2.jpg","width":1500,"height":1125,"caption":"Stemningsbillede fra udstillingen STORT"},{"@type":"BreadcrumbList","@id":"https:\/\/detgroennemuseum.dk\/nordisk-skovhistorisk-konference-2026\/#breadcrumb","itemListElement":[{"@type":"ListItem","position":1,"name":"Hjem","item":"https:\/\/detgroennemuseum.dk\/"},{"@type":"ListItem","position":2,"name":"Nordisk Skovhistorisk Konference 2026"}]},{"@type":"WebSite","@id":"https:\/\/detgroennemuseum.dk\/#website","url":"https:\/\/detgroennemuseum.dk\/","name":"Das Gr\u00fcne Museum","description":"D\u00e4nisches Nationalmuseum f\u00fcr Jagd, Forstwirtschaft, Landwirtschaft und Ern\u00e4hrung","potentialAction":[{"@type":"SearchAction","target":{"@type":"EntryPoint","urlTemplate":"https:\/\/detgroennemuseum.dk\/?s={search_term_string}"},"query-input":{"@type":"PropertyValueSpecification","valueRequired":true,"valueName":"search_term_string"}}],"inLanguage":"de"}]}},"_links":{"self":[{"href":"https:\/\/detgroennemuseum.dk\/de\/wp-json\/wp\/v2\/pages\/26837","targetHints":{"allow":["GET"]}}],"collection":[{"href":"https:\/\/detgroennemuseum.dk\/de\/wp-json\/wp\/v2\/pages"}],"about":[{"href":"https:\/\/detgroennemuseum.dk\/de\/wp-json\/wp\/v2\/types\/page"}],"author":[{"embeddable":true,"href":"https:\/\/detgroennemuseum.dk\/de\/wp-json\/wp\/v2\/users\/17"}],"replies":[{"embeddable":true,"href":"https:\/\/detgroennemuseum.dk\/de\/wp-json\/wp\/v2\/comments?post=26837"}],"version-history":[{"count":44,"href":"https:\/\/detgroennemuseum.dk\/de\/wp-json\/wp\/v2\/pages\/26837\/revisions"}],"predecessor-version":[{"id":27500,"href":"https:\/\/detgroennemuseum.dk\/de\/wp-json\/wp\/v2\/pages\/26837\/revisions\/27500"}],"wp:featuredmedia":[{"embeddable":true,"href":"https:\/\/detgroennemuseum.dk\/de\/wp-json\/wp\/v2\/media\/26859"}],"wp:attachment":[{"href":"https:\/\/detgroennemuseum.dk\/de\/wp-json\/wp\/v2\/media?parent=26837"}],"curies":[{"name":"wp","href":"https:\/\/api.w.org\/{rel}","templated":true}]}}